{"id":74,"date":"2025-10-07T10:52:37","date_gmt":"2025-10-07T08:52:37","guid":{"rendered":"https:\/\/schoenkonferenz.org\/?page_id=74"},"modified":"2026-01-29T15:03:01","modified_gmt":"2026-01-29T14:03:01","slug":"datenschutzerklaerung","status":"publish","type":"page","link":"https:\/\/schoenkonferenz.org\/?page_id=74","title":{"rendered":"Datenschutzerkl\u00e4rung"},"content":{"rendered":"<div class=\"brz brz-root__container brz-reset-all brz-root__container-page\">\n<section id=\"mBWScH5VYw1E_mBWScH5VYw1E\" class=\"brz-section brz-css-1yvblao brz-css-ntq4qa\">\n<div class=\"brz-section__content brz-section--boxed brz-css-1kxlvtj brz-css-7rp0wv\" data-brz-custom-id=\"fpj9K1I7CpwV\">\n<div class=\"brz-container brz-css-1ype816 brz-css-17hslrk\">\n<div id=\"\" class=\"brz-css-nkxr7b brz-css-1c206ct brz-wrapper\">\n<div class=\"brz-rich-text brz-rich-text__custom brz-css-1kuy6vy brz-css-cs7jha\" data-brz-custom-id=\"vEMQfBpEevhD\">\n<div data-brz-translate-text=\"1\">\n<p data-uniq-id=\"qGYRl\" data-generated-css=\"brz-css-tE5AY\" class=\"brz-tp-lg-empty brz-ff-initial brz-ft-system brz-fs-lg-30 brz-fss-lg-px brz-fw-lg-400 brz-ls-lg-0 brz-lh-lg-1_9 brz-vfw-lg-400 brz-fwdth-lg-100 brz-fsft-lg-0 brz-css-dxI9e\"><span class=\"brz-cp-color7\">Datenschutz<\/span><\/p>\n<\/div>\n<\/div>\n<\/div>\n<div id=\"\" class=\"brz-css-nkxr7b brz-css-1y4hmaz brz-wrapper\">\n<div class=\"brz-rich-text brz-rich-text__custom brz-css-1kuy6vy brz-css-t0q9ny\" data-brz-custom-id=\"lqLp88osreg2\">\n<div data-brz-translate-text=\"1\">\n<p class=\"brz-tp-lg-paragraph brz-css-dO65e\" data-generated-css=\"brz-css-lhcbU\" data-uniq-id=\"g9wcO\"><span class=\"brz-cp-color7\">Willkommen auf der Sch\u00f6n Konferenz Seite, verantwortet durch die Dr. Johannes Hartl Ministries gGmbH. Wir freuen uns \u00fcber Ihr Interesse an unserem Angebot. Wir, die Dr. Johannes Hartl Ministries gGmbH (nachfolgend \u201eJohannes Hartl\u201c \u201ewir\u201c oder \u201euns\u201c) ber\u00fccksichtigen die datenschutzrechtlichen Anforderungen der Europ\u00e4ischen Datenschutzgrundverordnung (DSGVO) bei der Durchf\u00fchrung unserer Angebote und Aktionen, sowie bei der Verarbeitung Ihrer Daten im Rahmen des Webseitenbesuchs.<\/span><\/p>\n<p class=\"brz-tp-lg-paragraph brz-css-eZ3l0\" data-generated-css=\"brz-css-xKQpL\" data-uniq-id=\"zvpYF\"><span class=\"brz-cp-color7\">Wir informieren Sie nachfolgend dar\u00fcber, zu welchem Zweck und aufgrund welcher Rechtsgrundlage wir f\u00fcr wie lange Ihre personenbezogenen Daten verarbeiten und welche Rechte Ihnen hinsichtlich der Datenverarbeitung zustehen.<\/span><\/p>\n<p class=\"brz-tp-lg-paragraph brz-css-y_3l2\" data-generated-css=\"brz-css-sHDcp\" data-uniq-id=\"x3quw\"><span class=\"brz-cp-color7\">Bitte nehmen Sie sich die Zeit, unsere Datenschutzhinweise zu lesen, da sie wichtige Informationen dar\u00fcber enthalten, wie wir mit Ihren pers\u00f6nlichen Daten umgehen!<\/span><\/p>\n<p class=\"brz-tp-lg-paragraph brz-css-h4OKe\" data-generated-css=\"brz-css-o0VIW\" data-uniq-id=\"eRtNO\"><span class=\"brz-cp-color7\">Verantwortlicher<\/span><\/p>\n<p class=\"brz-tp-lg-paragraph brz-css-wGPuG\" data-generated-css=\"brz-css-c7J_3\" data-uniq-id=\"zysJe\"><span class=\"brz-cp-color7\">Dr. Johannes Hartl Ministries gGmbH in der Pilsener Str. 6 in 86199 Augsburg, Deutschland, Telefon: +4982199875371, E-Mail:&nbsp;info@johanneshartl.org&nbsp;ist im Sinne des Art. 4 Nr. 7 DSGVO f\u00fcr die Datenverarbeitung verantwortlich.<\/span><\/p>\n<p class=\"brz-tp-lg-paragraph brz-css-cCku2\" data-generated-css=\"brz-css-gkceD\" data-uniq-id=\"safjw\"><span class=\"brz-cp-color7\">Kontakt f\u00fcr Ihre Rechte<\/span><\/p>\n<p class=\"brz-tp-lg-paragraph brz-css-bOd4P\" data-generated-css=\"brz-css-gqkmr\" data-uniq-id=\"bcDMG\"><span class=\"brz-cp-color7\">Sollten Sie der Auffassung sein, dass die Verarbeitung Ihrer Daten durch uns gegen datenschutzrechtliche Vorgaben verst\u00f6\u00dft, k\u00f6nnen Sie sich unter&nbsp;info@johanneshartl.org&nbsp;an uns wenden.<\/span><\/p>\n<p class=\"brz-tp-lg-paragraph brz-css-fWukf\" data-generated-css=\"brz-css-msmWQ\" data-uniq-id=\"w5SZj\"><span class=\"brz-cp-color7\">Allgemeines<\/span><\/p>\n<p class=\"brz-tp-lg-paragraph brz-css-j3LK3\" data-generated-css=\"brz-css-erlza\" data-uniq-id=\"zcLAF\"><span class=\"brz-cp-color7\">Gegenstand und Zweckbindung des Datenschutzes<\/span><\/p>\n<p class=\"brz-tp-lg-paragraph brz-css-t_doK\" data-generated-css=\"brz-css-qdHxN\" data-uniq-id=\"i8Oav\"><span class=\"brz-cp-color7\">Gegenstand des Datenschutzes sind personenbezogene Daten nach Art. 4 Nr. 1 DSGVO. Dies sind alle Informationen, die sich auf eine identifizierte oder identifizierbare Person beziehen. Hierunter fallen z.B. Angaben wie Vor- und Nachnamen, E-Mail-Adressen aber auch Nutzungsdaten wie die IP-Adresse oder Ihr Nutzungsverhalten.<\/span><\/p>\n<p class=\"brz-tp-lg-paragraph brz-css-bQh5H\" data-generated-css=\"brz-css-hnD8G\" data-uniq-id=\"wnFtW\"><span class=\"brz-cp-color7\">Wir beachten strikt den Grundsatz der zweckgebundenen Datenverwendung (Art. 5 Abs. 1 b) DSGVO). S\u00e4mtliche personenbezogenen Daten werden nur zu den in diesen Datenverwendungshinweisen genannten Zwecken verarbeitet.<\/span><\/p>\n<p class=\"brz-tp-lg-paragraph brz-css-lxu12\" data-generated-css=\"brz-css-fwQGx\" data-uniq-id=\"k3FcN\"><span class=\"brz-cp-color7\">Inhalt dieser Hinweise<\/span><\/p>\n<p class=\"brz-tp-lg-paragraph brz-css-yc4LY\" data-generated-css=\"brz-css-dcNfk\" data-uniq-id=\"fcXm6\"><span class=\"brz-cp-color7\">Wir haben f\u00fcr Sie nachfolgend die wichtigsten Informationen zu unseren typischen Datenverarbeitungen getrennt nach Betroffenengruppen zusammengestellt.<\/span><\/p>\n<p class=\"brz-tp-lg-paragraph brz-css-rJCVR\" data-generated-css=\"brz-css-vqKqL\" data-uniq-id=\"ebZdS\"><span class=\"brz-cp-color7\">Sofern wir im Text den Begriff \u201eDaten\u201c verwenden, sind ausschlie\u00dflich personenbezogene Daten im Sinne der DSGVO gemeint.<\/span><\/p>\n<p class=\"brz-tp-lg-paragraph brz-css-sgNjz\" data-generated-css=\"brz-css-oFF_8\" data-uniq-id=\"yevPN\"><strong class=\"brz-cp-color7\">Was Sie auf jeden Fall wissen sollten \u2013 Ihre Rechte<\/strong><\/p>\n<p class=\"brz-tp-lg-paragraph brz-css-hTn1J\" data-generated-css=\"brz-css-xNHHm\" data-uniq-id=\"toVK0\"><span class=\"brz-cp-color7\">Sie haben das Recht, eine Best\u00e4tigung dar\u00fcber zu verlangen, ob Sie betreffende Daten bei uns verarbeitet werden, auf Auskunft \u00fcber diese Daten sowie auf weitere Informationen entsprechend Art. 15 DSGVO.<\/span><\/p>\n<p class=\"brz-tp-lg-paragraph brz-css-oMMvT\" data-generated-css=\"brz-css-urcoC\" data-uniq-id=\"y88It\"><span class=\"brz-cp-color7\">Sie haben entsprechend Art. 16 DSGVO das Recht, unter Ber\u00fccksichtigung der Zwecke der Verarbeitung die Vervollst\u00e4ndigung der Sie betreffenden Daten oder die Berichtigung der Sie betreffenden unrichtigen Daten zu verlangen.<\/span><\/p>\n<p class=\"brz-tp-lg-paragraph brz-css-dm70l\" data-generated-css=\"brz-css-e7Zba\" data-uniq-id=\"eqrVv\"><span class=\"brz-cp-color7\">Sie haben nach Ma\u00dfgabe des Art. 17 DSGVO das Recht zu verlangen, dass Sie betreffende Daten unverz\u00fcglich gel\u00f6scht werden, bzw. alternativ nach Ma\u00dfgabe des Art. 18 DSGVO eine Einschr\u00e4nkung der Verarbeitung der Daten zu verlangen.<\/span><\/p>\n<p class=\"brz-tp-lg-paragraph brz-css-kHQB4\" data-generated-css=\"brz-css-g24It\" data-uniq-id=\"gXtw8\"><span class=\"brz-cp-color7\">Sie haben das Recht zu verlangen, dass Sie die Sie betreffenden Daten, die Sie uns bereitgestellt haben, nach Ma\u00dfgabe des Art. 20 DSGVO \u00fcbertragen zu bekommen sowie das Recht, eine \u00dcbermittlung an andere Verantwortliche zu fordern.<\/span><\/p>\n<p class=\"brz-tp-lg-paragraph brz-css-sevsS\" data-generated-css=\"brz-css-eZvH2\" data-uniq-id=\"eNPGp\"><span class=\"brz-cp-color7\">Sie haben nach Art. 7 Abs. 3 DSGVO das Recht, erteilte Einwilligungen jederzeit ohne Angabe von Gr\u00fcnden mit Wirkung f\u00fcr die Zukunft zu widerrufen. Wenn Sie Ihre Einwilligung widerrufen, d\u00fcrfen wir die auf dieser Einwilligung beruhende Datenverarbeitung f\u00fcr die Zukunft nicht mehr fortf\u00fchren. Ihren etwaigen Widerruf richten Sie bitte an&nbsp;info@johanneshartl.org.<\/span><\/p>\n<p class=\"brz-tp-lg-paragraph brz-css-kIXtL\" data-generated-css=\"brz-css-pFC54\" data-uniq-id=\"mj3M5\"><strong class=\"brz-cp-color7\">Sofern wir Ihre Daten nach Art. 6 Abs. 1 lit. f) DSGVO auf der Grundlage berechtigter Interessen verarbeiten, k\u00f6nnen Sie der k\u00fcnftigen Verarbeitung der Sie betreffenden Daten nach Ma\u00dfgabe des Art. 21 DSGVO jederzeit widersprechen, soweit daf\u00fcr Gr\u00fcnde vorliegen, die sich aus Ihrer besonderen Situation ergeben. Allerdings k\u00f6nnen wir Ihrem Widerspruch nicht immer nachkommen, pr\u00fcfen Ihr Anliegen aber in jedem Einzelfall.<\/strong><\/p>\n<p class=\"brz-tp-lg-paragraph brz-css-zibgP\" data-generated-css=\"brz-css-r2n6V\" data-uniq-id=\"uxXqW\"><strong class=\"brz-cp-color7\">Falls sich Ihr Widerspruch gegen Direktwerbung richtet, haben Sie dagegen ein generelles Widerspruchsrecht. In diesem Fall setzten wir Ihr Widerspruchrecht um, ohne dass Sie Angaben zu einer besonderen Situation machen m\u00fcssten. Ihren Widerspruch richten Sie bitte an&nbsp;<\/strong><span class=\"brz-cp-color7\">info@johanneshartl.org<\/span><strong class=\"brz-cp-color7\">.<\/strong><\/p>\n<p class=\"brz-tp-lg-paragraph brz-css-fclsF\" data-generated-css=\"brz-css-knHI0\" data-uniq-id=\"cG29f\"><span class=\"brz-cp-color7\">Sie haben ferner nach Art. 77 DSGVO das Recht, eine Beschwerde bei der zust\u00e4ndigen Aufsichtsbeh\u00f6rde einzureichen. Die f\u00fcr uns zust\u00e4ndige Beh\u00f6rde ist das Bayerische Landesamt f\u00fcr Datenschutzaufsicht (BayLDA). Sie k\u00f6nnen sich jedoch auch an die Aufsichtsbeh\u00f6rde Ihres \u00fcblichen Aufenthaltsortes wenden.<\/span><\/p>\n<p data-generated-css=\"brz-css-q3XG3\" data-uniq-id=\"zRAYv\" class=\"brz-tp-lg-paragraph brz-css-nZ5SG\"><span class=\"brz-cp-color7\">Sie erreichen das BayLDA wie folgt:<\/span><\/p>\n<ul>\n<li data-generated-css=\"brz-css-fPAyd\" data-uniq-id=\"jNO77\" class=\"brz-tp-lg-paragraph brz-bcp-color7 brz-css-q6PTe\"><span class=\"brz-cp-color7\">Postanschrift: Postfach 1349, 91504 Ansbach<\/span><\/li>\n<li data-generated-css=\"brz-css-tMZwR\" data-uniq-id=\"k1xCD\" class=\"brz-tp-lg-paragraph brz-bcp-color7 brz-css-pkHLE\"><span class=\"brz-cp-color7\">Adresse: Promenade 18 in 91522 Ansbach<\/span><\/li>\n<li data-generated-css=\"brz-css-dSsjT\" data-uniq-id=\"uUFOm\" class=\"brz-tp-lg-paragraph brz-bcp-color7 brz-css-eAuOl\"><span class=\"brz-cp-color7\">Telefon: +49 (0) 981 180093-0<\/span><\/li>\n<li data-generated-css=\"brz-css-sqUfS\" data-uniq-id=\"x0WQi\" class=\"brz-tp-lg-paragraph brz-bcp-color7 brz-css-jOnOh\"><span class=\"brz-cp-color7\">Fax: +49 (0) 981 180093-800<\/span><\/li>\n<li data-generated-css=\"brz-css-t6dX6\" data-uniq-id=\"k1FJJ\" class=\"brz-tp-lg-paragraph brz-bcp-color7 brz-css-iO3VJ\"><span class=\"brz-cp-color7\">E-Mail: poststelle@lda.bayern.de<\/span><\/li>\n<li data-generated-css=\"brz-css-uqGda\" data-uniq-id=\"sUkDh\" class=\"brz-tp-lg-paragraph brz-bcp-color7 brz-css-ove5A\"><span class=\"brz-cp-color7\">Internet: www.lda.bayern.de<\/span><\/li>\n<\/ul>\n<p class=\"brz-tp-lg-paragraph brz-css-mq1jZ\" data-generated-css=\"brz-css-eJIFs\" data-uniq-id=\"etQcf\"><span class=\"brz-cp-color7\">Informationen zu unseren typischen Datenverarbeitungen getrennt nach Betroffenengruppen<\/span><\/p>\n<p class=\"brz-tp-lg-paragraph brz-css-uqy2p\" data-generated-css=\"brz-css-eteer\" data-uniq-id=\"vUKjj\"><span class=\"brz-cp-color7\">Website-Besucher<\/span><\/p>\n<p class=\"brz-tp-lg-paragraph brz-css-arGA5\" data-generated-css=\"brz-css-pY4NI\" data-uniq-id=\"vVCsX\"><span class=\"brz-cp-color7\">Wenn Sie unsere Seite nur zur Information \u00fcber Johannes Hartl und seine Angebote besuchen, verarbeiten wir Ihre Daten nur soweit dies erforderlich ist, um Ihnen unsere Webseite im Internet auf Ihren Endger\u00e4ten bestm\u00f6glich anzeigen zu k\u00f6nnen. Die Nutzung der Webseite ist grunds\u00e4tzlich ohne die Angabe von personenbezogenen Daten m\u00f6glich.<\/span><\/p>\n<p class=\"brz-tp-lg-paragraph brz-css-mP_19\" data-generated-css=\"brz-css-uk08B\" data-uniq-id=\"rM0t_\"><span class=\"brz-cp-color7\">Wir schreiben deshalb \u201egrunds\u00e4tzlich\u201c, weil wir Ihre IP-Adresse kurzzeitig verarbeiten, um es Ihnen zu erm\u00f6glichen unsere Website anzusehen. Die IP-Adresse, auch Internet-Protokoll-Adresse genannt, stellt in Computernetzen eine Adresse dar, \u00fcber die Webserver bzw. einzelne Endger\u00e4te angesprochen und erreicht werden k\u00f6nnen. Damit die Datenpakete, aus denen unsere Website besteht, auf Ihrem Endger\u00e4t zusammengesetzt und als Webseite angezeigt werden k\u00f6nnen, werden zwei IP-Adressen ben\u00f6tigt, Ihre und unsere.<\/span><\/p>\n<p class=\"brz-tp-lg-paragraph brz-css-iLgZv\" data-generated-css=\"brz-css-cS8eP\" data-uniq-id=\"uM9oz\"><span class=\"brz-cp-color7\">Serverprotokolldaten<\/span><\/p>\n<p class=\"brz-tp-lg-paragraph brz-css-ggfx7\" data-generated-css=\"brz-css-gJnZU\" data-uniq-id=\"wyfMX\"><strong class=\"brz-cp-color7\"><em>Beschreibung und Umfang<\/em><\/strong><\/p>\n<p class=\"brz-tp-lg-paragraph brz-css-inqLr\" data-generated-css=\"brz-css-aPBn3\" data-uniq-id=\"uM2tO\"><span class=\"brz-cp-color7\">Damit unser Webserver Ihre Datenanfrage erf\u00fcllen kann, muss unser Webserver Ihre IP-Adresse kennen, also \u201everarbeiten\u201c. Bei jedem Aufruf unserer Internetseite erfasst unser System automatisiert Daten und Informationen vom System Ihres Endger\u00e4ts. Dabei werden die folgenden Daten verarbeitet:<\/span><\/p>\n<ol>\n<li class=\"brz-tp-lg-paragraph brz-bcp-color7 brz-css-vqf0T\" data-generated-css=\"brz-css-khqfB\" data-uniq-id=\"osg8T\"><span class=\"brz-cp-color7\">Informationen \u00fcber den Browsertyp und die verwendete Version<\/span><\/li>\n<li class=\"brz-tp-lg-paragraph brz-bcp-color7 brz-css-tAVCr\" data-generated-css=\"brz-css-ljpUI\" data-uniq-id=\"m_8Y1\"><span class=\"brz-cp-color7\">Ihr Betriebssystem<\/span><\/li>\n<li class=\"brz-tp-lg-paragraph brz-bcp-color7 brz-css-e5gVI\" data-generated-css=\"brz-css-lAugR\" data-uniq-id=\"hUFWh\"><span class=\"brz-cp-color7\">Ihren Internet-Service-Provider<\/span><\/li>\n<li class=\"brz-tp-lg-paragraph brz-bcp-color7 brz-css-oJy1s\" data-generated-css=\"brz-css-s3Ace\" data-uniq-id=\"yP05K\"><span class=\"brz-cp-color7\">Ihre IP-Adresse<\/span><\/li>\n<li class=\"brz-tp-lg-paragraph brz-bcp-color7 brz-css-vMiZn\" data-generated-css=\"brz-css-bRlrr\" data-uniq-id=\"jnGNA\"><span class=\"brz-cp-color7\">Datum und Uhrzeit des Zugriffs<\/span><\/li>\n<li class=\"brz-tp-lg-paragraph brz-bcp-color7 brz-css-acZ3V\" data-generated-css=\"brz-css-fr2vZ\" data-uniq-id=\"gD1X5\"><span class=\"brz-cp-color7\">Websites, von denen Ihr System auf unsere Internetseite oder Dienste gelangt<\/span><\/li>\n<li class=\"brz-tp-lg-paragraph brz-bcp-color7 brz-css-xqYGA\" data-generated-css=\"brz-css-qxV93\" data-uniq-id=\"uMRD_\"><span class=\"brz-cp-color7\">Websites, die von Ihrem System \u00fcber unsere Website oder Dienste aufgerufen werden<\/span><\/li>\n<\/ol>\n<p class=\"brz-tp-lg-paragraph brz-css-bHnjN\" data-generated-css=\"brz-css-xHSTz\" data-uniq-id=\"tU6E7\"><span class=\"brz-cp-color7\">Diese Daten werden in der Regel automatisch in einer Protokolldatei, auch Logfile genannt, gespeichert. Eine Zusammenf\u00fchrung dieser Daten mit anderen personenbezogenen Daten findet nicht statt.<\/span><\/p>\n<p class=\"brz-tp-lg-paragraph brz-css-mCUfK\" data-generated-css=\"brz-css-hfPYu\" data-uniq-id=\"g56cK\"><strong class=\"brz-cp-color7\"><em>Zweck<\/em><\/strong><\/p>\n<p class=\"brz-tp-lg-paragraph brz-css-g3KqR\" data-generated-css=\"brz-css-nxUMP\" data-uniq-id=\"x_yYU\"><span class=\"brz-cp-color7\">Die vor\u00fcbergehende Speicherung Ihrer Daten durch das System ist notwendig, um eine \u00dcbertragung der Websiteinhalte an Ihren Rechner zu erm\u00f6glichen. Hierf\u00fcr m\u00fcssen Ihre Daten f\u00fcr die Dauer der Sitzung auf unseren Servern gespeichert bleiben.<\/span><\/p>\n<p class=\"brz-tp-lg-paragraph brz-css-x7xfw\" data-generated-css=\"brz-css-nAmN8\" data-uniq-id=\"zWCNR\"><span class=\"brz-cp-color7\">Zudem erfolgt die Verarbeitung Ihrer Daten in Logfiles, um die Funktionsf\u00e4higkeit unserer Website sicherzustellen. Dar\u00fcber hinaus dienen uns die Daten zur Optimierung unseres Webangebots und zur Sicherstellung der Sicherheit unserer informationstechnischen Systeme. Eine Auswertung Ihrer Daten zu Marketingzwecken findet in diesem Zusammenhang nicht statt.<\/span><\/p>\n<p class=\"brz-tp-lg-paragraph brz-css-z29uV\" data-generated-css=\"brz-css-e4593\" data-uniq-id=\"jZlNJ\"><span class=\"brz-cp-color7\">In den genannten Zwecken liegt auch unser berechtigtes Interesse an der Datenverarbeitung.<\/span><\/p>\n<p class=\"brz-tp-lg-paragraph brz-css-c_dYY\" data-generated-css=\"brz-css-obuvT\" data-uniq-id=\"vcgi4\"><strong class=\"brz-cp-color7\"><em>Rechtsgrundlage<\/em><\/strong><\/p>\n<p class=\"brz-tp-lg-paragraph brz-css-jQsVJ\" data-generated-css=\"brz-css-vsou9\" data-uniq-id=\"amiQn\"><span class=\"brz-cp-color7\">Rechtsgrundlage f\u00fcr die vor\u00fcbergehende Speicherung Ihrer Daten und die Erstellung von Logfiles ist Art.&nbsp;6&nbsp;Abs.&nbsp;1&nbsp;lit.&nbsp;f&nbsp;DSGVO.<\/span><\/p>\n<p class=\"brz-tp-lg-paragraph brz-css-y_JRa\" data-generated-css=\"brz-css-vBPVY\" data-uniq-id=\"n9rk0\"><strong class=\"brz-cp-color7\"><em>Aufbewahrung<\/em><\/strong><\/p>\n<p class=\"brz-tp-lg-paragraph brz-css-hfir6\" data-generated-css=\"brz-css-hbqyK\" data-uniq-id=\"i34Bn\"><span class=\"brz-cp-color7\">Die Daten werden gel\u00f6scht, sobald sie f\u00fcr die Erreichung des Zweckes ihrer Erhebung nicht mehr erforderlich sind. Im Falle der Erfassung der Daten zur Bereitstellung der Website ist dies der Fall, wenn die jeweilige Sitzung beendet ist.<\/span><\/p>\n<p class=\"brz-tp-lg-paragraph brz-css-uvmzW\" data-generated-css=\"brz-css-sseRj\" data-uniq-id=\"niouB\"><span class=\"brz-cp-color7\">Im Falle der Verarbeitung von Logfiles erfolgt eine L\u00f6schung sp\u00e4testens nach 14 Tagen. Eine dar\u00fcberhinausgehende Speicherung ist m\u00f6glich. In diesem Fall wird Ihre IP-Adresse gel\u00f6scht oder verfremdet, sodass eine Zuordnung zu Ihrem Endger\u00e4t nicht mehr m\u00f6glich ist.<\/span><\/p>\n<p class=\"brz-tp-lg-paragraph brz-css-q1ciz\" data-generated-css=\"brz-css-nNs5o\" data-uniq-id=\"yb3NH\"><strong class=\"brz-cp-color7\"><em>Widerspruchs- und Beseitigungsm\u00f6glichkeit<\/em><\/strong><\/p>\n<p class=\"brz-tp-lg-paragraph brz-css-by6OB\" data-generated-css=\"brz-css-zit63\" data-uniq-id=\"zO9xQ\"><span class=\"brz-cp-color7\">Die Erfassung der Daten zur Bereitstellung der Website und die Verarbeitung der Daten in Logfiles ist f\u00fcr den Betrieb unseres Onlineauftritts zwingend erforderlich. Folglich k\u00f6nnen Sie der Datenverarbeitung nicht widersprechen.<\/span><\/p>\n<p class=\"brz-tp-lg-paragraph brz-css-usO7w\" data-generated-css=\"brz-css-uT5oW\" data-uniq-id=\"tS0kN\"><span class=\"brz-cp-color7\">Erforderliche Cookies \u2013 Technisch notwendige Cookies und Cookies zur Reichweitenmessung<\/span><\/p>\n<p class=\"brz-tp-lg-paragraph brz-css-xvWWW\" data-generated-css=\"brz-css-bpc1H\" data-uniq-id=\"d23_Y\"><span class=\"brz-cp-color7\">Wir bem\u00fchen uns, Ihren Besuch auf unserer Website optimal, das hei\u00dft vor allem benutzerfreundlich zu gestalten und Ihnen Dienste anzubieten, die f\u00fcr Ihre individuellen Bed\u00fcrfnisse am besten geeignet sind. Zu diesem Zweck verwenden wir Cookies, und zur Analyse von Nutzungsdaten \u2013 Tracking- und Analyse Werkzeuge. Diese bieten uns Einblicke und Statistiken, die uns dabei helfen, unsere Online-Pr\u00e4senz, unsere Kommunikation mit Ihnen und letztlich unsere Angebote interessanter und relevanter f\u00fcr Sie zu gestalten.<\/span><\/p>\n<p class=\"brz-tp-lg-paragraph brz-css-jaCAU\" data-generated-css=\"brz-css-s5EWV\" data-uniq-id=\"yMl0W\"><span class=\"brz-cp-color7\">Beim Aufruf unserer Website werden Sie durch einen sog. \u201eCookie- und Consent-Banner\u201c der Firma Borlabs \u2013 Benjamin A. Bornschein, R\u00fcbenkamp 32, 22305 Hamburg, Deutschland \u00fcber die Verwendung von Cookies informiert und auf diese Datenschutzhinweise verwiesen. Hier, weiter unten, erhalten Sie auch einen Hinweis darauf, wie Sie die Speicherung von Cookies in den Browsereinstellungen unterbinden k\u00f6nnen. Cookies sind Textdateien, die in Ihrem Internetbrowser bzw. von Ihrem Internetbrowser auf Ihrem Endger\u00e4t gespeichert werden.<\/span><\/p>\n<p class=\"brz-tp-lg-paragraph brz-css-rroCy\" data-generated-css=\"brz-css-sm4Os\" data-uniq-id=\"j60Qh\"><strong class=\"brz-cp-color7\"><em>Beschreibung und Umfang<\/em><\/strong><\/p>\n<p class=\"brz-tp-lg-paragraph brz-css-rc4mM\" data-generated-css=\"brz-css-kW1tz\" data-uniq-id=\"zQx0h\"><span class=\"brz-cp-color7\">Wenn Sie eine unserer Websites aufrufen, wird die Interaktion mit unserem Consent Banner \u00fcber den \u201eBorlabs-Cookie\u201c auf Ihrem System gespeichert. Dieses Cookie enth\u00e4lt eine charakteristische Zeichenfolge, die es uns erm\u00f6glicht, Ihren Browser bei einem erneuten Aufrufen unserer Website oder unseres Dienstes eindeutig zu identifizieren.<\/span><\/p>\n<p class=\"brz-tp-lg-paragraph brz-css-dwn0o\" data-generated-css=\"brz-css-eKXYT\" data-uniq-id=\"o3ogq\"><strong class=\"brz-cp-color7\"><em>Zweck<\/em><\/strong><\/p>\n<p class=\"brz-tp-lg-paragraph brz-css-a8Diq\" data-generated-css=\"brz-css-bmQf0\" data-uniq-id=\"lD5v6\"><span class=\"brz-cp-color7\">Der Zweck der Verwendung technisch notwendiger oder auch essenzieller Cookies ist, die Nutzung unseres Onlineangebots f\u00fcr Sie zu vereinfachen. Die durch technisch notwendige Cookies verarbeiteten Nutzerdaten werden nicht zur Erstellung von Nutzerprofilen verwendet.<\/span><\/p>\n<p class=\"brz-tp-lg-paragraph brz-css-byyMx\" data-generated-css=\"brz-css-ynyqr\" data-uniq-id=\"yh1AZ\"><span class=\"brz-cp-color7\">Die Verwendung dieses Cookies erfolgt zu dem Zweck, die datenschutzkonforme Nutzung unserer Webseite, insb. das rechtm\u00e4\u00dfige Einholen Ihrer Einwilligungen zu gew\u00e4hrleisten und Sie nicht bei jedem Webseitenbesuch erneut um Ihre Einwilligung bitten zu m\u00fcssen. In diesen Zwecken liegt auch unser berechtigtes Interesse an der Verarbeitung Ihrer Daten.<\/span><\/p>\n<p class=\"brz-tp-lg-paragraph brz-css-w4RnF\" data-generated-css=\"brz-css-sC13n\" data-uniq-id=\"bMS8b\"><strong class=\"brz-cp-color7\"><em>Rechtsgrundlage<\/em><\/strong><\/p>\n<p class=\"brz-tp-lg-paragraph brz-css-ellg7\" data-generated-css=\"brz-css-xAs07\" data-uniq-id=\"rPfsX\"><span class=\"brz-cp-color7\">Die Rechtsgrundlage f\u00fcr die Verarbeitung Ihrer Daten unter Verwendung der Consent Management Platform von Borlabs Cookie ist Art.&nbsp;6&nbsp;Abs.&nbsp;1&nbsp;lit.&nbsp;f&nbsp;DSGVO.<\/span><\/p>\n<p class=\"brz-tp-lg-paragraph brz-css-iEvQ8\" data-generated-css=\"brz-css-fIsM7\" data-uniq-id=\"jS8RU\"><strong class=\"brz-cp-color7\"><em>Widerspruchs- und Beseitigungsm\u00f6glichkeit in den Browsereinstellung<\/em><\/strong><\/p>\n<p class=\"brz-tp-lg-paragraph brz-css-mIkoZ\" data-generated-css=\"brz-css-kb0Wg\" data-uniq-id=\"ncUIh\"><span class=\"brz-cp-color7\">Cookies werden auf Ihrem Endger\u00e4t gespeichert und von diesem an uns \u00fcbermittelt. Daher haben Sie als Nutzer auch die volle Kontrolle \u00fcber die Verwendung von Cookies. Sie k\u00f6nnen grunds\u00e4tzlich Ihren Webbrowser so einstellen, dass keine Cookies auf Ihrem Rechner gespeichert werden. Dazu k\u00f6nnen Sie die entsprechende Option in den Systemeinstellungen Ihres Browsers vornehmen. Unter Umst\u00e4nden sind dann allerdings einzelne Funktionen von Webseiten nicht nutzbar.<\/span><\/p>\n<p class=\"brz-tp-lg-paragraph brz-css-kCJYa\" data-generated-css=\"brz-css-yZsL1\" data-uniq-id=\"k6Ynk\"><span class=\"brz-cp-color7\">Hier k\u00f6nnen Sie sich \u00fcber die Einstellungsm\u00f6glichkeiten, f\u00fcr die am h\u00e4ufigsten verwendeten Browser informieren:<\/span><\/p>\n<ul>\n<li class=\"brz-tp-lg-paragraph brz-bcp-color7 brz-css-tgMa1\" data-generated-css=\"brz-css-gi2RI\" data-uniq-id=\"i8_TF\"><span class=\"brz-cp-color7\">Internet Explorer<\/span><\/li>\n<li class=\"brz-tp-lg-paragraph brz-bcp-color7 brz-css-sulbs\" data-generated-css=\"brz-css-iVvAB\" data-uniq-id=\"xQ198\"><span class=\"brz-cp-color7\">Edge<\/span><\/li>\n<li class=\"brz-tp-lg-paragraph brz-bcp-color7 brz-css-h1iW1\" data-generated-css=\"brz-css-zBgBN\" data-uniq-id=\"x2rGF\"><span class=\"brz-cp-color7\">Firefox<\/span><\/li>\n<li class=\"brz-tp-lg-paragraph brz-bcp-color7 brz-css-jDwVk\" data-generated-css=\"brz-css-xmGNv\" data-uniq-id=\"zHBNG\"><span class=\"brz-cp-color7\">Google Chrome<\/span><\/li>\n<li class=\"brz-tp-lg-paragraph brz-bcp-color7 brz-css-lU42n\" data-generated-css=\"brz-css-kx_Fa\" data-uniq-id=\"k0MAl\"><span class=\"brz-cp-color7\">Safari<\/span><\/li>\n<li class=\"brz-tp-lg-paragraph brz-bcp-color7 brz-css-cJfPR\" data-generated-css=\"brz-css-h_RJ0\" data-uniq-id=\"tAiPx\"><span class=\"brz-cp-color7\">Opera<\/span><\/li>\n<\/ul>\n<p class=\"brz-tp-lg-paragraph brz-css-avFI2\" data-generated-css=\"brz-css-osIoL\" data-uniq-id=\"yiU0g\"><span class=\"brz-cp-color7\">Wir verwenden auf unseren Websites dar\u00fcber hinaus Cookies, die uns die Messung Ihres Surfverhaltens erm\u00f6glichen. Die auf diese Weise erhobenen Daten werden wo m\u00f6glich durch technische Vorkehrungen pseudonymisiert. Die Daten werden nicht gemeinsam mit Ihren sonstigen Daten gespeichert. Daher ist eine Zuordnung der Daten zu Ihrer Person ohne Weiteres nicht mehr m\u00f6glich.<\/span><\/p>\n<p class=\"brz-tp-lg-paragraph brz-css-oZIOP\" data-generated-css=\"brz-css-k4IWW\" data-uniq-id=\"sZyRM\"><span class=\"brz-cp-color7\">Die Verarbeitung Ihrer Daten erfolgt dabei aufgrund unseres berechtigten Interesses, unsere Webseite bedarfs- und interessensgerecht zu gestalten und zu optimieren.<\/span><\/p>\n<p class=\"brz-tp-lg-paragraph brz-css-sSw5E\" data-generated-css=\"brz-css-bJfo7\" data-uniq-id=\"g9w16\"><strong class=\"brz-cp-color7\"><em>Aufbewahrung, Widerspruchs- und Beseitigungsm\u00f6glichkeit<\/em><\/strong><\/p>\n<p class=\"brz-tp-lg-paragraph brz-css-vnQYw\" data-generated-css=\"brz-css-npOeU\" data-uniq-id=\"qgIad\"><span class=\"brz-cp-color7\">Sie als Nutzer haben die volle Kontrolle \u00fcber die Verwendung von Cookies, denn Cookies werden auf Ihrem Endger\u00e4t gespeichert und von diesem an uns \u00fcbermittelt. Wann welche Cookies automatisch von Ihren Endger\u00e4ten gel\u00f6scht werden, entnehmen Sie bitte unserer Cookie-\u00dcbersicht. Sie k\u00f6nnen durch die entsprechenden Einstellungen in Ihrem Internetbrowser die \u00dcbertragung von Cookies deaktivieren oder einschr\u00e4nken. Bereits gespeicherte Cookies k\u00f6nnen jederzeit gel\u00f6scht werden. Dies kann auch automatisiert erfolgen.&nbsp;<\/span><em class=\"brz-cp-color7\">Sie k\u00f6nnen Ihre Cookie-Einstellungen auch \u00fcber den Cookie- und Consent-Banner vornehmen.<\/em><\/p>\n<p class=\"brz-tp-lg-paragraph brz-css-nuZPT\" data-generated-css=\"brz-css-bDI1b\" data-uniq-id=\"y2GQp\"><span class=\"brz-cp-color7\">Werden Cookies f\u00fcr unsere Website deaktiviert, k\u00f6nnen m\u00f6glicherweise nicht mehr alle Funktionen der Website und der Dienste vollumf\u00e4nglich genutzt werden.<\/span><\/p>\n<p class=\"brz-tp-lg-paragraph brz-css-lTUrh\" data-generated-css=\"brz-css-qNzD3\" data-uniq-id=\"d8ipu\"><span class=\"brz-cp-color7\">Marketing und Analyse<\/span><\/p>\n<p class=\"brz-tp-lg-paragraph brz-css-nLHO4\" data-generated-css=\"brz-css-ybMCN\" data-uniq-id=\"l5GGL\"><span class=\"brz-cp-color7\">Wenn Sie uns die Einwilligung erteilt haben Marketing und Analyse Cookies und \u00e4hnliche Technologien bei Ihnen einsetzen zu d\u00fcrfen, nutzen wir die in diesem Rahmen gewonnen Informationen wie im Folgenden beschrieben. Dabei haben Sie auch hier die volle Kontrolle \u00fcber die Verwendung von Cookies. Sie k\u00f6nnen auch hier durch entsprechende Einstellungen in Ihrem Internetbrowser oder \u00fcber das Privacy-Cockpit die \u00dcbertragung von Cookies zu steuern und bestimmen.<\/span><\/p>\n<p class=\"brz-tp-lg-paragraph brz-css-nxEOG\" data-generated-css=\"brz-css-ci7aB\" data-uniq-id=\"y9_a5\"><strong class=\"brz-cp-color7\">Google Universal Analytics<\/strong><\/p>\n<p class=\"brz-tp-lg-paragraph brz-css-irtW5\" data-generated-css=\"brz-css-szXwR\" data-uniq-id=\"moer7\"><span class=\"brz-cp-color7\">Wir nutzen auf unseren Seiten Google Universal Analytics, einen Dienst der Google Ireland Limited mit Sitz in Gordon House, Barrow Street Dublin&nbsp;4. in Irland (\u201eGoogle\u201c). Wir nutzen Google Analytics unter Verwendung von \u201eCookies\u201c. Cookies sind Textdateien, die auf Ihrem Endger\u00e4t gespeichert werden und die uns eine Analyse der Benutzung unserer Websites und Dienste durch Sie erm\u00f6glichen. Die durch die Cookies erzeugten Informationen \u00fcber Ihre Benutzung unserer Websites und unserer Dienste werden in der Regel an einen Server von Google in Irland \u00fcbertragen und dort gespeichert. Wir haben auf unseren Sites und in unseren Diensten die IP-Anonymisierung aktiviert. Daher wird Ihre IP-Adresse von Google zuvor gek\u00fcrzt. Nur in Ausnahmef\u00e4llen wird Ihre IP-Adresse an Server von Google in den U.S.A. \u00fcbertragen.<\/span><\/p>\n<p class=\"brz-tp-lg-paragraph brz-css-kxHbj\" data-generated-css=\"brz-css-aDB7b\" data-uniq-id=\"hoh5t\"><strong class=\"brz-cp-color7\"><em>Web-Analytics<\/em><\/strong><\/p>\n<p class=\"brz-tp-lg-paragraph brz-css-zlsQV\" data-generated-css=\"brz-css-dQLM1\" data-uniq-id=\"rJ3HO\"><span class=\"brz-cp-color7\">Wir verwenden Daten, die \u00fcber Ihre Google Analytics Client ID gesammelt werden, sowie andere Daten, die aus Googles Web-Analytics-Anwendungen generiert werden, um Analysen Ihrer Interaktionen mit unseren Diensten und Websites durchzuf\u00fchren. Weitere Informationen zu der Arbeitsweise von Google finden Sie&nbsp;hier.<\/span><\/p>\n<p class=\"brz-tp-lg-paragraph brz-css-l6KZS\" data-generated-css=\"brz-css-zM5bH\" data-uniq-id=\"xJ2rL\"><span class=\"brz-cp-color7\">F\u00fcr Web-Analytics benutzt Google in unserem Auftrag die mit Hilfe der gesetzten Cookies gewonnen Informationen, um Ihre Nutzung unserer Websites und Dienste auszuwerten, um uns Reports \u00fcber die Websiteaktivit\u00e4ten zusammenzustellen, und um uns gegen\u00fcber weitere mit der Nutzung unserer Websites sowie der Internetnutzung verbundene Dienstleistungen zu erbringen. Mit Hilfe von Googles Analytics Demographics und Interest Reporting bspw. erhalten wir Analysen zum Alter, Geschlecht und den Interessenskategorien unserer Nutzer. Die im Rahmen von Google Analytics von Ihrem Browser \u00fcbermittelte IP-Adresse wird nicht mit anderen Daten von Google zusammengef\u00fchrt.<\/span><\/p>\n<p class=\"brz-tp-lg-paragraph brz-css-aMQsI\" data-generated-css=\"brz-css-lbq9E\" data-uniq-id=\"va9eY\"><strong class=\"brz-cp-color7\"><em>Sie k\u00f6nnen die Speicherung der Cookies durch eine entsprechende&nbsp;<u>Einstellung Ihrer Browser-Software<\/u>&nbsp;wie unter \u201eWiderspruchs- und Beseitigungsm\u00f6glichkeit in den Browsereinstellung\u201c beschrieben, verhindern;<\/em><\/strong><\/p>\n<p class=\"brz-tp-lg-paragraph brz-css-lh72G\" data-generated-css=\"brz-css-w4qkx\" data-uniq-id=\"lGvuL\"><span class=\"brz-cp-color7\">Sie k\u00f6nnen dar\u00fcber hinaus die Erfassung der durch Cookies erzeugten und auf Ihre Nutzung der Website und der Dienste bezogenen Daten (inkl. Ihrer IP-Adresse) an Google sowie die Verarbeitung dieser Daten durch Google verhindern, indem sie das unter dem folgenden Link verf\u00fcgbare Browser-Plugin herunterladen und installieren:&nbsp;https:\/\/tools.google.com\/dlpage\/gaoptout?hl=en.<\/span><\/p>\n<p class=\"brz-tp-lg-paragraph brz-css-vj0g2\" data-generated-css=\"brz-css-hPo00\" data-uniq-id=\"tydjA\"><span class=\"brz-cp-color7\">Die Speicherung von Google-Analytics-Cookies erfolgt auf Grundlage Ihrer Einwilligung. Die Rechtsgrundlage f\u00fcr die Verarbeitung stellt daher Art. 6 Abs. 1 lit. a DSGVO dar. Die Speicherung erfolgt f\u00fcr 2 Jahre, sofern Sie nicht von Ihren Opt-Out-M\u00f6glichkeiten Gebrauch machen.<\/span><\/p>\n<p class=\"brz-tp-lg-paragraph brz-css-oUsNa\" data-generated-css=\"brz-css-aj5Xs\" data-uniq-id=\"glFrD\"><strong class=\"brz-cp-color7\"><em>Google Tag Manager<\/em><\/strong><\/p>\n<p class=\"brz-tp-lg-paragraph brz-css-uEjSC\" data-generated-css=\"brz-css-xSywP\" data-uniq-id=\"kwDnj\"><span class=\"brz-cp-color7\">Wir verwenden im Zusammengang mit Marketing und Analyse zur Verwaltung der Google-Tools den&nbsp;<\/span><strong class=\"brz-cp-color7\">Google Tag Manager.<\/strong><span class=\"brz-cp-color7\">&nbsp;Dabei handelt es sich um ein Tag-Management-System, das es uns erm\u00f6glicht, auf unseren Websites Tracking-Codes und verwandte Code-Fragmente, gemeinhin \u201etags\u201c genannt, schnell und einfach zu aktualisieren.<\/span><\/p>\n<p class=\"brz-tp-lg-paragraph brz-css-hbT17\" data-generated-css=\"brz-css-x6umu\" data-uniq-id=\"nDaGD\"><span class=\"brz-cp-color7\">Sie k\u00f6nnen sich&nbsp;hier&nbsp;einen \u00dcberblick \u00fcber das Datenschutzkonzept von Google im Zusammenhang mit Google Universal Analytics sowie die Datenschutzrichtlinie von Google verschaffen.<\/span><\/p>\n<p class=\"brz-tp-lg-paragraph brz-css-rM8Jq\" data-generated-css=\"brz-css-n12xu\" data-uniq-id=\"oHrOk\"><span class=\"brz-cp-color7\">Die Datenverarbeitung erfolgt ebenfalls auf Grundlage Ihrer Einwilligung nach Art. 4 Nr. 11 DSGVO. Die Rechtsgrundlage f\u00fcr die Verarbeitung stellt daher Art. 6 Abs. 1 lit. a DSGVO dar. Die Speicherung erfolgt zeitlich unbegrenzt, sofern Sie nicht von Ihren Widerrufsm\u00f6glichkeiten Gebrauch machen.<\/span><\/p>\n<p class=\"brz-tp-lg-paragraph brz-css-g3m9R\" data-generated-css=\"brz-css-qvmrX\" data-uniq-id=\"qpHNG\"><strong class=\"brz-cp-color7\">Social Media Tracking Tools<\/strong><\/p>\n<p class=\"brz-tp-lg-paragraph brz-css-rXB8Z\" data-generated-css=\"brz-css-zdQS6\" data-uniq-id=\"yTY6x\"><strong class=\"brz-cp-color7\"><em>Tracking Pixel<\/em><\/strong><\/p>\n<p class=\"brz-tp-lg-paragraph brz-css-xKKWp\" data-generated-css=\"brz-css-y77ZP\" data-uniq-id=\"p9uf0\"><span class=\"brz-cp-color7\">Wir verwenden auf unseren Websites auch auf Grundlage Ihrer Einwilligung gem. Art. 6 Abs. 1 lit. a DSGVO weitere Trackingwerkzeuge, die es uns erm\u00f6glichen, Ihnen ein individuelleres und interaktiveres Web-Erlebnis anzubieten, indem wir auf Ihren Social-Media-Kan\u00e4len Werbung schalten. Sie erhalten damit f\u00fcr Sie relevantere und dadurch interessantere Werbung. Zu diesem Zweck verwenden wir cookie-basierte Tools, die von Anbietern von Plattformen sozialer Medien angeboten werden. Konkret betrifft dies Trackingwerkzeuge von:<\/span><\/p>\n<ul>\n<li class=\"brz-tp-lg-paragraph brz-css-tuFex\" data-generated-css=\"brz-css-sf1ig\" data-uniq-id=\"bE1fv\"><strong class=\"brz-cp-color7\">Facebook Ireland Ltd<\/strong><span class=\"brz-cp-color7\">., gesch\u00e4ftsm\u00e4\u00dfig ans\u00e4ssig in 4 Grand Canal Square Grand Canal Harbour Dublin 2 in Irland. Facebook Ireland Ltd. ist ein Tochterunternehmen von Facebook Inc., gesch\u00e4ftsm\u00e4\u00dfig ans\u00e4ssig in 1601 S California Ave, Palo Alto 94304 in Kalifornien in den U.S.A. Mehr Informationen zu dem unsrerseits eingesetzten Tool finden Sie&nbsp;hier. Zus\u00e4tzliche Informationen zur Datenverarbeitung durch Facebook finden sie&nbsp;hier.<\/span><\/li>\n<\/ul>\n<p class=\"brz-tp-lg-paragraph brz-css-q03zX\" data-generated-css=\"brz-css-jLsjP\" data-uniq-id=\"gUciU\"><span class=\"brz-cp-color7\">Damit wir das vorgenannte Tool einsetzen k\u00f6nnen binden wir sogenannte Tracking Pixel in unsere Websites ein. Diese Tracking-Pixel sind transparente, pixel-gro\u00dfe Bilder mit Tracking-Funktion, die eine kleine Bibliothek mit Tracking-Funktionen laden. Diese Funktionen erm\u00f6glichen es uns, Ihre Aktivit\u00e4ten auf unseren Websites, wie bspw. die URLs und die Domains, die Sie besucht haben, oder Ger\u00e4te, die Sie dabei genutzt haben, und vor allem Conversions nachzuvollziehen. Conversions bzw. die Conversion-Rate stellen eine Kennzahl, mit der wir den Erfolg unserer Aktivit\u00e4ten messen k\u00f6nnen, dar. Die Conversion-Rate beschreibt bspw. denjenigen Anteil (\u201eRate\u201c) von Besuchern unserer Websites, die sich nach Interaktion mit unseren Angeboten f\u00fcr eine unserer Aktionen registrieren. Die Conversions basieren auf dem von Facebook gesetzten Cookie und erm\u00f6glichen es uns, unsere Webseitenbesucher mit den entsprechenden Nutzeraccounts auf den Social-Media-Plattformen zu vergleichen. Die Daten werden nach einem Jahr gel\u00f6scht, es sei denn Sie haben zu einem fr\u00fcheren Zeitpunkt von Ihrem Widerrufsrecht Gebrauch gemacht.<\/span><\/p>\n<p class=\"brz-tp-lg-paragraph brz-css-w0wnz\" data-generated-css=\"brz-css-koe0l\" data-uniq-id=\"mGNmi\"><span class=\"brz-cp-color7\">Social Media Buttons (Empfehlungsschaltfl\u00e4chen)&nbsp;\u2013 Facebook und Twitter<\/span><\/p>\n<p class=\"brz-tp-lg-paragraph brz-css-qTKLp\" data-generated-css=\"brz-css-kpAYt\" data-uniq-id=\"mYxDK\"><strong class=\"brz-cp-color7\">Empfehlungsschaltfl\u00e4chen<\/strong><\/p>\n<p class=\"brz-tp-lg-paragraph brz-css-mIJhh\" data-generated-css=\"brz-css-ylgPS\" data-uniq-id=\"rOfLy\"><span class=\"brz-cp-color7\">Wir unterhalten Auftritte in den Sozialen Medien. Sie sind Teil unseres Au\u00dfenauftritts. Unser Bestreben ist es, zielgruppengerecht zu informieren und sich mit Interessierten auszutauschen. Soziale Medien erm\u00f6glichen uns eine schnelle elektronische Kontaktaufnahme und dadurch eine unmittelbare Kommunikation \u00fcber die Medien Ihrer Wahl, so wie es uns \u00a7&nbsp;5&nbsp;Abs.&nbsp;1&nbsp;Nr.&nbsp;2&nbsp;TMG vorschreibt.<\/span><\/p>\n<p class=\"brz-tp-lg-paragraph brz-css-q_lOr\" data-generated-css=\"brz-css-vjlTQ\" data-uniq-id=\"nmbCv\"><span class=\"brz-cp-color7\">Auf unserer Webseite sind Empfehlungsschaltfl\u00e4chen von Facebook, Instagram und YouTube eingebunden. Die Verweise zu diesen Plattformen sind so eingebunden, dass Ihre Daten erst dann an den jeweiligen Dienst gesendet werden, wenn Sie die Empfehlungsschaltfl\u00e4che anklicken.<\/span><\/p>\n<p class=\"brz-tp-lg-paragraph brz-css-k2KTB\" data-generated-css=\"brz-css-m8vPC\" data-uniq-id=\"igadG\"><span class=\"brz-cp-color7\">Wir haben keinen Einfluss darauf, welche Daten nach dem Anklicken an Facebook (Facebook Ireland Limited, 4 Grand Canal Square, Dublin 2, Irland) bzw. YouTube (Google Ireland Limited, Gordon House, Barrow Street Dublin 4)\u00fcbermittelt werden. Sie nutzen die Plattformen und ihre Funktionen in eigener Verantwortung. Dies gilt insbesondere f\u00fcr die Nutzung der interaktiven Funktionen, wie bspw. das Kommentieren, das Teilen oder das Bewerten unserer Beitr\u00e4ge sowie das M\u00f6gen (Like) unserer Seite. Die meisten interaktiven Funktionen sind registrierten und angemeldeten Nutzern vorenthalten.<\/span><\/p>\n<p class=\"brz-tp-lg-paragraph brz-css-gKDMI\" data-generated-css=\"brz-css-w8BlQ\" data-uniq-id=\"usjPX\"><strong class=\"brz-cp-color7\"><em>Ihre Rechte<\/em><\/strong><\/p>\n<p class=\"brz-tp-lg-paragraph brz-css-cwn5E\" data-generated-css=\"brz-css-ag3Lg\" data-uniq-id=\"ymK9D\"><span class=\"brz-cp-color7\">Ihnen stehen die folgende Rechte hinsichtlich der Verarbeitung Ihrer Daten zu: Recht auf Auskunft; Recht auf Berichtigung; Recht auf L\u00f6schung; Recht auf Einschr\u00e4nkung der Verarbeitung; Recht auf Widerspruch; Recht auf Daten\u00fcbertragbarkeit und das Recht auf Beschwerde \u00fcber rechtswidrige Verarbeitungen Ihrer personenbezogenen Daten bei der zust\u00e4ndigen Datenschutzbeh\u00f6rde.<\/span><\/p>\n<p class=\"brz-tp-lg-paragraph brz-css-rUKwY\" data-generated-css=\"brz-css-w8x6M\" data-uniq-id=\"qL7IT\"><span class=\"brz-cp-color7\">Wir haben keinen vollst\u00e4ndigen Zugriff auf Ihre personenbezogenen Daten bei den Social Media Anbietern. Daher sollten Sie sich bei der Geltendmachung direkt an den Anbieter der jeweiligen Plattform wenden. Dieser hat Zugriff auf die personenbezogenen Daten seiner Nutzer und kann die entsprechenden Ma\u00dfnahmen ergreifen und Ausk\u00fcnfte geben. Wir unterst\u00fctzen Sie gerne, wenn Sie dennoch Hilfe ben\u00f6tigen. Wenden Sie sich hierf\u00fcr bitte an&nbsp;info@johanneshartl.org.<\/span><\/p>\n<p class=\"brz-tp-lg-paragraph brz-css-qmWc8\" data-generated-css=\"brz-css-i02Hd\" data-uniq-id=\"b5kkx\"><strong class=\"brz-cp-color7\">Widerspruch bei Facebook<\/strong><\/p>\n<p class=\"brz-tp-lg-paragraph brz-css-glblh\" data-generated-css=\"brz-css-n2yRB\" data-uniq-id=\"dHRpy\"><span class=\"brz-cp-color7\">F\u00fcr eine detaillierte Darstellung der jeweiligen Verarbeitungen und der Widerspruchsm\u00f6glichkeiten (Opt-Out), verweisen wir auf die nachfolgend verlinkten Angaben:<\/span><\/p>\n<ul>\n<li class=\"brz-tp-lg-paragraph brz-bcp-color7 brz-css-ptw6a\" data-generated-css=\"brz-css-rPDYy\" data-uniq-id=\"a_7qB\"><span class=\"brz-cp-color7\">Datenschutzhinweise von Facebook<\/span><\/li>\n<li class=\"brz-tp-lg-paragraph brz-bcp-color7 brz-css-q5byN\" data-generated-css=\"brz-css-crSft\" data-uniq-id=\"hcBQg\"><span class=\"brz-cp-color7\">Opt-Out bei Facebook f\u00fcr Werbecookies<\/span><\/li>\n<\/ul>\n<p class=\"brz-tp-lg-paragraph brz-css-p5FJQ\" data-generated-css=\"brz-css-gatKt\" data-uniq-id=\"iRYip\"><strong class=\"brz-cp-color7\">Widerspruch bei Instagram<\/strong><\/p>\n<p class=\"brz-tp-lg-paragraph brz-css-jrwBU\" data-generated-css=\"brz-css-vbhgK\" data-uniq-id=\"dWXJ0\"><span class=\"brz-cp-color7\">F\u00fcr eine detaillierte Darstellung der jeweiligen Verarbeitungen und der Widerspruchsm\u00f6glichkeiten (Opt-Out), verweisen wir auf die nachfolgend verlinkten Angaben:<\/span><\/p>\n<ul>\n<li class=\"brz-tp-lg-paragraph brz-bcp-color7 brz-css-u35qt\" data-generated-css=\"brz-css-oxA2b\" data-uniq-id=\"g6ilQ\"><span class=\"brz-cp-color7\">Datenschutzhinweise von Instagram<\/span><\/li>\n<li class=\"brz-tp-lg-paragraph brz-bcp-color7 brz-css-c6AN7\" data-generated-css=\"brz-css-jX8Kq\" data-uniq-id=\"wNAMN\"><span class=\"brz-cp-color7\">Opt-Out bei Instagram f\u00fcr Werbecookies<\/span><\/li>\n<\/ul>\n<p class=\"brz-tp-lg-paragraph brz-css-ic5TB\" data-generated-css=\"brz-css-erv1p\" data-uniq-id=\"rp26b\"><strong class=\"brz-cp-color7\">Widerspruch bei YouTube<\/strong><\/p>\n<p class=\"brz-tp-lg-paragraph brz-css-jiPZA\" data-generated-css=\"brz-css-bkMET\" data-uniq-id=\"m8E6E\"><span class=\"brz-cp-color7\">F\u00fcr eine detaillierte Darstellung der jeweiligen Verarbeitungen und der Widerspruchsm\u00f6glichkeiten (Opt-Out), verweisen wir auf die nachfolgend verlinkten Angaben:<\/span><\/p>\n<ul>\n<li class=\"brz-tp-lg-paragraph brz-bcp-color7 brz-css-quDEp\" data-generated-css=\"brz-css-vYbpM\" data-uniq-id=\"hlqR1\"><span class=\"brz-cp-color7\">Datenschutzhinweise von YouTube<\/span><\/li>\n<li class=\"brz-tp-lg-paragraph brz-bcp-color7 brz-css-zL9nH\" data-generated-css=\"brz-css-qVU9g\" data-uniq-id=\"jN0NH\"><span class=\"brz-cp-color7\">Opt-Out bei YouTube<\/span><\/li>\n<\/ul>\n<p class=\"brz-tp-lg-paragraph brz-css-eBCDl\" data-generated-css=\"brz-css-wBrCy\" data-uniq-id=\"tZZLi\"><span class=\"brz-cp-color7\">Gemeinsame Verantwortlichkeit<\/span><\/p>\n<p class=\"brz-tp-lg-paragraph brz-css-pRX8b\" data-generated-css=\"brz-css-uLGK3\" data-uniq-id=\"vT_rY\"><span class=\"brz-cp-color7\">Nach der Rechtsprechung des Europ\u00e4ischen Gerichtshofs sind wir in den nachfolgend aufgef\u00fchrten F\u00e4llen gemeinsame Verantwortliche.<\/span><\/p>\n<p class=\"brz-tp-lg-paragraph brz-css-hqARO\" data-generated-css=\"brz-css-hXtU6\" data-uniq-id=\"w7CJX\"><span class=\"brz-cp-color7\">Gemeinsame Verantwortung mit Facebook<\/span><\/p>\n<p class=\"brz-tp-lg-paragraph brz-css-jQdU9\" data-generated-css=\"brz-css-ver3g\" data-uniq-id=\"gHaNh\"><span class=\"brz-cp-color7\">Als Betreiberin von Fan-Seiten auf dem sozialen Netzwerk Facebook sind wir gemeinsam mit der Betreiberin dieses Netzwerks Verantwortliche im Sinne von Art.&nbsp;4&nbsp;Nr.&nbsp;7, 26&nbsp;DSGVO. Facebook ist ein Dienst, der von der Facebook Ireland Ltd., 4 Grand Canal Square, Grand Canal Harbour, D2 Dublin, Ireland verantwortet wird. Beim Besuch unserer Fan-Seiten werden personenbezogene Daten durch die Verantwortlichen, d.h. durch uns und durch Facebook verarbeitet.<\/span><\/p>\n<p class=\"brz-tp-lg-paragraph brz-css-uUwbX\" data-generated-css=\"brz-css-py_13\" data-uniq-id=\"yb3ZU\"><em class=\"brz-cp-color7\">Vereinbarung mit Facebook<\/em><\/p>\n<p class=\"brz-tp-lg-paragraph brz-css-xMW6U\" data-generated-css=\"brz-css-fHxl0\" data-uniq-id=\"e5lpb\"><span class=\"brz-cp-color7\">Wir haben mit Facebook eine Vereinbarung getroffen, welche unter anderem die Bedingungen f\u00fcr die Nutzung unserer jeweiligen Fan-Seite regelt. Ma\u00dfgeblich f\u00fcr die Nutzung sind die&nbsp;Nutzungsbedingungen&nbsp;von Facebook sowie die dort am Ende aufgef\u00fchrten sonstigen Bedingungen und Richtlinien.<\/span><\/p>\n<p class=\"brz-tp-lg-paragraph brz-css-btegl\" data-generated-css=\"brz-css-gciBs\" data-uniq-id=\"q5tG_\"><em class=\"brz-cp-color7\">Seiten-Insights<\/em><\/p>\n<p class=\"brz-tp-lg-paragraph brz-css-ilU1h\" data-generated-css=\"brz-css-k7mfD\" data-uniq-id=\"hDwQ1\"><span class=\"brz-cp-color7\">Im Zusammenhang mit dem Betrieb unserer jeweiligen Fan-Seite nutzen wir die Funktion Seiten-Insights (Page Insights), um statistische Daten zu den Nutzern zu erhalten. Hierf\u00fcr speichert Facebook nach eigenen Angaben auf dem Endger\u00e4t der registrierten Nutzer, der unsere Fan-Seite besucht, ein Cookie ab. Wenn Sie also unsere Fan-Seite besuchen, speichert Facebook auf Ihrem Endger\u00e4t die&nbsp;hier&nbsp;aufgelisteten Cookies, um uns die statistische Auswertung Ihres Besuchs zu erm\u00f6glichen. Die in den Cookies gespeicherten Informationen werden von Facebook verarbeitet, insbesondere wenn Sie als Nutzer die Facebook-Dienste und Dienste, die von anderen Unternehmen bereitgestellt werden, die Facebook-Dienste nutzen, besuchen. N\u00e4here Informationen zum Einsatz von Cookies durch Facebook finden Sie&nbsp;hier, in ihrer Cookie-Richtlinie.<\/span><\/p>\n<p class=\"brz-tp-lg-paragraph brz-css-qnsEV\" data-generated-css=\"brz-css-xzIn0\" data-uniq-id=\"xc4eV\"><span class=\"brz-cp-color7\">Im Zusammenhang mit der statistischen Auswertung geben wir mithilfe der uns von Facebook zur Verf\u00fcgung gestellten Filter die Kategorien der Daten vor, nach denen uns Facebook anonymisierte Statistiken bereitstellt. Dabei stehen uns die folgenden Kriterien bzw. Kategorien zur Auswertung Ihrer Aktivit\u00e4ten auf unserer Facebook-Seite anonymisiert zur Verf\u00fcgung, sofern Sie als Nutzer die entsprechenden Angaben gemacht haben:<\/span><\/p>\n<ul>\n<li class=\"brz-tp-lg-paragraph brz-bcp-color7 brz-css-ki2ss\" data-generated-css=\"brz-css-mgPwq\" data-uniq-id=\"zuGrF\"><span class=\"brz-cp-color7\">Ort (Arbeits- oder Wohnort)<\/span><\/li>\n<li class=\"brz-tp-lg-paragraph brz-bcp-color7 brz-css-ahwK1\" data-generated-css=\"brz-css-aafBQ\" data-uniq-id=\"dlfdl\"><span class=\"brz-cp-color7\">T\u00e4tigkeitsbereich<\/span><\/li>\n<li class=\"brz-tp-lg-paragraph brz-bcp-color7 brz-css-h5j3G\" data-generated-css=\"brz-css-bXAjs\" data-uniq-id=\"cC2ez\"><span class=\"brz-cp-color7\">Karrierestufe<\/span><\/li>\n<li class=\"brz-tp-lg-paragraph brz-bcp-color7 brz-css-buaJw\" data-generated-css=\"brz-css-l9nNL\" data-uniq-id=\"kqyL5\"><span class=\"brz-cp-color7\">Branche<\/span><\/li>\n<li class=\"brz-tp-lg-paragraph brz-bcp-color7 brz-css-inA5m\" data-generated-css=\"brz-css-tr95N\" data-uniq-id=\"iRIcS\"><span class=\"brz-cp-color7\">Unternehmensgr\u00f6\u00dfe<\/span><\/li>\n<li class=\"brz-tp-lg-paragraph brz-bcp-color7 brz-css-yzD5o\" data-generated-css=\"brz-css-tAEyP\" data-uniq-id=\"uBJpH\"><span class=\"brz-cp-color7\">Altersspanne<\/span><\/li>\n<li class=\"brz-tp-lg-paragraph brz-bcp-color7 brz-css-orgnE\" data-generated-css=\"brz-css-m90b9\" data-uniq-id=\"es5rH\"><span class=\"brz-cp-color7\">Geschlecht<\/span><\/li>\n<li class=\"brz-tp-lg-paragraph brz-bcp-color7 brz-css-xurf3\" data-generated-css=\"brz-css-mHItc\" data-uniq-id=\"jNCGk\"><span class=\"brz-cp-color7\">Sprache<\/span><\/li>\n<li class=\"brz-tp-lg-paragraph brz-bcp-color7 brz-css-zd3ee\" data-generated-css=\"brz-css-o4PsU\" data-uniq-id=\"lzoKA\"><span class=\"brz-cp-color7\">Mobiler oder station\u00e4rer Seitenaufruf<\/span><\/li>\n<li class=\"brz-tp-lg-paragraph brz-bcp-color7 brz-css-x9jnu\" data-generated-css=\"brz-css-vg9Ng\" data-uniq-id=\"elL4b\"><span class=\"brz-cp-color7\">Interaktionen im Kontext mit Posts (z.B. Reaktionen, Kommentare, Shares, Klicks, Views, Videonutzungsdauer)<\/span><\/li>\n<li class=\"brz-tp-lg-paragraph brz-bcp-color7 brz-css-b6vjB\" data-generated-css=\"brz-css-hPPpT\" data-uniq-id=\"q_iL4\"><span class=\"brz-cp-color7\">Uhrzeit der Nutzung<\/span><\/li>\n<\/ul>\n<p class=\"brz-tp-lg-paragraph brz-css-oJL_7\" data-generated-css=\"brz-css-odWaG\" data-uniq-id=\"e31XP\"><em class=\"brz-cp-color7\">Weitergabe der Daten im Rahmen von&nbsp;Facebookinteraktionen<\/em><\/p>\n<p class=\"brz-tp-lg-paragraph brz-css-ql9fg\" data-generated-css=\"brz-css-mVFdd\" data-uniq-id=\"mB69d\"><span class=\"brz-cp-color7\">Wenn Sie im Rahmen von Ihrem Besuch mit unseren Fan-Pages interagieren, so hat nat\u00fcrlich auch Facebook Zugriff auf Ihre Daten. Es ist daher auch m\u00f6glich, dass Facebook Inc. in der 1601 Willow Road in 94025 Menlo Park in Kalifornien, d.h. in den U.S.A., Zugriff auf Ihre Daten hat. Facebook Inc. befindet sich dabei in einem Drittstaat, in welchem das Datenschutzniveau geringer ausf\u00e4llt als in der EU.<\/span><\/p>\n<p class=\"brz-tp-lg-paragraph brz-css-vSPtx\" data-generated-css=\"brz-css-d6vTB\" data-uniq-id=\"iePIP\"><span class=\"brz-cp-color7\">Gemeinsame Verantwortung mit YouTube<\/span><\/p>\n<p class=\"brz-tp-lg-paragraph brz-css-x0mrm\" data-generated-css=\"brz-css-jBpxt\" data-uniq-id=\"maGME\"><span class=\"brz-cp-color7\">Wir greifen auf die technische Plattform und die Dienste von YouTube, einem Google-Unternehmen, mit Hauptgesch\u00e4ftssitz in Gordon House, Barrow Street, Dublin 4, Irland zur\u00fcck. Das hei\u00dft, wenn Sie Ihren gew\u00f6hnlichen Aufenthalt im Europ\u00e4ischen Wirtschaftsraum oder der Schweiz haben, werden Ihnen, sofern nicht in eventuellen zus\u00e4tzlichen Bedingungen anders festgelegt, die Dienste von Google Ireland Limited (\u201eGoogle\u201c) zur Verf\u00fcgung gestellt, einer nach irischem Recht eingetragenen und betriebenen Gesellschaft.<\/span><\/p>\n<p class=\"brz-tp-lg-paragraph brz-css-o7RoW\" data-generated-css=\"brz-css-zlgdL\" data-uniq-id=\"zC9_f\"><span class=\"brz-cp-color7\">Wir gehen entsprechend der Datenschutzerkl\u00e4rung von Google davon aus, dass eine Daten\u00fcbermittlung personenbezogener Daten einschlie\u00dflich deren Verarbeitung auch an Server der Google LLC in die USA erfolgt.<\/span><\/p>\n<p class=\"brz-tp-lg-paragraph brz-css-zhnJk\" data-generated-css=\"brz-css-epYa3\" data-uniq-id=\"ejgMB\"><span class=\"brz-cp-color7\">Mit Urteil in der Sache C-210\/16 hat der EUGH entschieden, dass Plattformbetreiber (hier YouTube) und der Betreiber eines auf der Plattform befindlichen Channels gemeinsam verantwortlich sind f\u00fcr die \u00fcber den jeweiligen Channel vorgenommenen Datenverarbeitungen. Insofern sind Plattformbetreiber sowie Channelbetreiber als gemeinsame Verantwortliche bzw. Joint Controller gem. Art 26 DSGVO anzusehen.<\/span><\/p>\n<p class=\"brz-tp-lg-paragraph brz-css-oNArV\" data-generated-css=\"brz-css-t1T9V\" data-uniq-id=\"i0ZAx\"><span class=\"brz-cp-color7\">Gemeinsame Verantwortung mit Instagram<\/span><\/p>\n<p class=\"brz-tp-lg-paragraph brz-css-m3YWE\" data-generated-css=\"brz-css-qyWSd\" data-uniq-id=\"pdKgl\"><span class=\"brz-cp-color7\">Johannes Hartl ist f\u00fcr den Inhalt auf der Instagram-Vereinsseite verantwortlich. Der Instagram-Service ist ein Produkt, das von Facebook Ireland Limited (\u201eFacebook\u201c) zur Verf\u00fcgung gestellt wird. Als Betreiber einer Instagram-Vereinsseite sind wir gemeinsam mit dem Betreiber des sozialen Netzwerkes Facebook Ireland Ltd) Verantwortlicher im Sinne von Art. 4 Nr. 7 DSGVO. Beim Besuch unserer Instagram-Seite werden personenbezogene Daten durch die Verantwortlichen verarbeitet.<\/span><\/p>\n<p class=\"brz-tp-lg-paragraph brz-css-r9bWE\" data-generated-css=\"brz-css-jzIrm\" data-uniq-id=\"uvv_g\"><span class=\"brz-cp-color7\">Instagram ist eine Online-Plattform, die das Teilen von Fotos und Videos erm\u00f6glicht. Nutzer k\u00f6nnen Fotos und Videos bearbeiten und mit Filtern versehen. Andere Nutzer k\u00f6nnen die Fotos und Videos wiederum teilen, kommentieren oder als \u201eGef\u00e4llt mir\u201c markieren. Au\u00dferdem k\u00f6nnen Nutzer miteinander in Kontakt treten, indem sie private Nachrichten schreiben.<\/span><\/p>\n<p class=\"brz-tp-lg-paragraph brz-css-jWZg7\" data-generated-css=\"brz-css-qMLp1\" data-uniq-id=\"nKNMx\"><span class=\"brz-cp-color7\">Wir haben als Verantwortlicher dieser Seite mit Facebook Vereinbarungen getroffen, welche unter anderem die Bedingungen f\u00fcr eine Nutzung der&nbsp;Instagram-Seite&nbsp;regeln.<\/span><\/p>\n<p class=\"brz-tp-lg-paragraph brz-css-o4XxN\" data-generated-css=\"brz-css-wYXXM\" data-uniq-id=\"qVTJV\"><span class=\"brz-cp-color7\">Es besteht die M\u00f6glichkeit, dass Ihre Daten auch au\u00dferhalb der Europ\u00e4ischen Union durch die Facebook Inc. in den USA verarbeitet werden. Wir selbst geben keine personenbezogenen Daten weiter.<\/span><\/p>\n<p class=\"brz-tp-lg-paragraph brz-css-c2zKF\" data-generated-css=\"brz-css-bpIQf\" data-uniq-id=\"aRdjH\"><span class=\"brz-cp-color7\">Aus der&nbsp;Vereinbarung mit Facebook zur gemeinsamen Verantwortung&nbsp;ergibt sich im Wesentlichen, dass Sie Ihre Betroffenenrechte direkt gegen\u00fcber Facebook geltend machen k\u00f6nnen. Sollte dennoch unsere Unterst\u00fctzung erforderlich sein, k\u00f6nnen Sie uns gerne jederzeit kontaktieren.<\/span><\/p>\n<p class=\"brz-tp-lg-paragraph brz-css-nN1lO\" data-generated-css=\"brz-css-psL1j\" data-uniq-id=\"gRPum\"><strong class=\"brz-cp-color7\">Bereitstellung statistischer Auswertungen \u2013 Instagram Insights:<\/strong><\/p>\n<p data-generated-css=\"brz-css-zwHkg\" data-uniq-id=\"dzEly\" class=\"brz-tp-lg-paragraph brz-css-uVG1l\"><span class=\"brz-cp-color7\">Die Instagram-Seite ist eine Vereinsseite und verf\u00fcgt \u00fcber die Funktion von Instagram Insights. Damit wird ein Teil der von Facebook bei der Nutzung erhobenen Daten uns als statistische Auswertung in anonymisierter Form zur Verf\u00fcgung gestellt. Diese statistische Auswertung bezieht sich jedoch nur auf das Publikum, Inhalt und Aktivit\u00e4t auf unserer Instagram-Seite. Die Auswertung umfasst konkret folgende Daten:<\/span><\/p>\n<ul>\n<li data-generated-css=\"brz-css-wKb7t\" data-uniq-id=\"pXQty\" class=\"brz-tp-lg-paragraph brz-bcp-color7 brz-css-hCv9p\"><span class=\"brz-cp-color7\">Anzahl der \u201eGef\u00e4llt mir\u201c-Angaben unserer Fotos und Videos<\/span><\/li>\n<li data-generated-css=\"brz-css-am37F\" data-uniq-id=\"n1CDU\" class=\"brz-tp-lg-paragraph brz-bcp-color7 brz-css-n7QWi\"><span class=\"brz-cp-color7\">Anzahl der Kommentare zu unseren Fotos und Videos<\/span><\/li>\n<li data-generated-css=\"brz-css-qN9Cm\" data-uniq-id=\"r1wwJ\" class=\"brz-tp-lg-paragraph brz-bcp-color7 brz-css-jB9Hz\"><span class=\"brz-cp-color7\">Anzahl der Personen, die ein Foto oder ein Video gesehen haben<\/span><\/li>\n<li data-generated-css=\"brz-css-aBKQN\" data-uniq-id=\"h0DRz\" class=\"brz-tp-lg-paragraph brz-bcp-color7 brz-css-tSFFi\"><span class=\"brz-cp-color7\">Anzahl wie oft ein Foto oder ein Video geteilt wurde<\/span><\/li>\n<li data-generated-css=\"brz-css-bckL8\" data-uniq-id=\"ezCIz\" class=\"brz-tp-lg-paragraph brz-bcp-color7 brz-css-yvPpO\"><span class=\"brz-cp-color7\">Anzahl wie oft ein Foto oder Video als Spam gemeldet wurde<\/span><\/li>\n<li data-generated-css=\"brz-css-bf87Z\" data-uniq-id=\"kYZ4e\" class=\"brz-tp-lg-paragraph brz-bcp-color7 brz-css-zFjUu\"><span class=\"brz-cp-color7\">Anzahl wie oft geklickt wurde, dass die Seite dem Nutzer nicht mehr gef\u00e4llt<\/span><\/li>\n<li data-generated-css=\"brz-css-zdA9n\" data-uniq-id=\"fBPFQ\" class=\"brz-tp-lg-paragraph brz-bcp-color7 brz-css-eLoEQ\"><span class=\"brz-cp-color7\">Alter, Geschlecht, Wohnort und Sprache der Besucher in aggregierter Form<\/span><\/li>\n<\/ul>\n<p class=\"brz-tp-lg-paragraph brz-css-c2ide\" data-generated-css=\"brz-css-qBfD_\" data-uniq-id=\"nRTKr\"><span class=\"brz-cp-color7\">Diese von Facebook an uns \u00fcbermittelten Informationen sind anonymisiert und k\u00f6nnen durch uns nicht mit Ihrer Person in Verbindung gebracht werden. Dies bedeutet jedoch nicht zwingend, dass die Datenerhebung und Datenverarbeitung bei Facebook selbst anonymisiert erfolgt. Weitere Informationen hierzu finden Sie in der&nbsp;Instagram-Datenschutzrichtlinie.<\/span><\/p>\n<p class=\"brz-tp-lg-paragraph brz-css-bQMXZ\" data-generated-css=\"brz-css-mvf2w\" data-uniq-id=\"oNCMG\"><strong class=\"brz-cp-color7\">Sichtbarkeit Ihrer personenbezogenen Daten f\u00fcr uns und andere Nutzer:<\/strong><\/p>\n<p class=\"brz-tp-lg-paragraph brz-css-uZxbR\" data-generated-css=\"brz-css-kgtgw\" data-uniq-id=\"tYGLx\"><span class=\"brz-cp-color7\">Bei der Nutzung bestimmter interaktiver Funktionen bei Instagram (z.B. der Kommentarfunktion oder des \u201eGef\u00e4llt mir\u201c-Buttons) sind Kommentare oder Likes f\u00fcr die anderen Nutzer und uns als Anbieter der Instagram-Seite sichtbar. Dadurch kann eine direkte Nutzerzuordnung aufgrund der preisgegebenen personenbezogenen Daten vorgenommen werden.<\/span><\/p>\n<p class=\"brz-tp-lg-paragraph brz-css-oLi6e\" data-generated-css=\"brz-css-kWCpQ\" data-uniq-id=\"mrwvW\"><span class=\"brz-cp-color7\">Wir haben keinen Einfluss auf interaktive Funktionalit\u00e4ten und Sichtbarkeit von Kommentaren, Likes oder sonstige Aktivit\u00e4ten auf unserer Instagram-Seite. Wir sind diesbzgl. daher auch nicht Verantwortlicher im Sinne des Datenschutzrechts. Art, Umfang und Dauer der Verarbeitung und Speicherung personenbezogener Daten diesbez\u00fcglich werden von Facebook bestimmt, sodass Facebook auch daf\u00fcr verantwortlich ist.<\/span><\/p>\n<p class=\"brz-tp-lg-paragraph brz-css-cVeua\" data-generated-css=\"brz-css-knkia\" data-uniq-id=\"r_HqX\"><span class=\"brz-cp-color7\">Es ist jederzeit m\u00f6glich, unsere Instagram-Seite zu besuchen, ohne Kommentare zu hinterlassen oder auf \u201eGef\u00e4llt mir\u201c zu klicken.<\/span><\/p>\n<p class=\"brz-tp-lg-paragraph brz-css-qZKyh\" data-generated-css=\"brz-css-yrRnj\" data-uniq-id=\"uecVc\"><span class=\"brz-cp-color7\">Bitte beachten Sie, dass die interaktiven Funktionen von Instagram in der Regel nur nach Registrierung m\u00f6glich sind. Auch diesbez\u00fcgliche Daten k\u00f6nnen von Facebook verarbeitet werden, fallen aber nicht in unseren Verantwortungsbereich.<\/span><\/p>\n<p class=\"brz-tp-lg-paragraph brz-css-atYAB\" data-generated-css=\"brz-css-gJ7GW\" data-uniq-id=\"nDQ7q\"><strong class=\"brz-cp-color7\">Kontaktaufnahme mit uns per privater Nachricht oder Kommentar<\/strong><\/p>\n<p class=\"brz-tp-lg-paragraph brz-css-b1a42\" data-generated-css=\"brz-css-fUFtP\" data-uniq-id=\"oS8Sl\"><span class=\"brz-cp-color7\">Es besteht die M\u00f6glichkeit mit uns \u00fcber unsere Instagram-Seite entweder durch eine Privatnachricht oder durch einen Kommentar Kontakt aufzunehmen. So k\u00f6nnen Sie sich mit Fragen zu uns, unserer Instagram-Seite oder sonstigen Anfragen an uns wenden.<\/span><\/p>\n<p class=\"brz-tp-lg-paragraph brz-css-x3hcg\" data-generated-css=\"brz-css-uNUSi\" data-uniq-id=\"yiwWC\"><span class=\"brz-cp-color7\">Bei Ihrer Kontaktaufnahme mit uns werden uns insbesondere Ihr Nutzername, der Text der Anfrage und ggf. weitere personenbezogenen Daten von Ihnen mitgeteilt. Wir speichern diese Daten, um Ihre Anfrage beantworten zu k\u00f6nnen. Kommentare sind \u00f6ffentlich und f\u00fcr alle anderen Instagram-Nutzer sichtbar.<\/span><\/p>\n<p class=\"brz-tp-lg-paragraph brz-css-ebry5\" data-generated-css=\"brz-css-vBHCQ\" data-uniq-id=\"ozGW4\"><span class=\"brz-cp-color7\">Die im Rahmen Ihrer Anfrage\/Kontaktaufnahme anfallenden Daten werden von uns sechs Monate nach der letzten Nachricht gel\u00f6scht. Soweit gesetzliche Aufbewahrungspflichten bestehen, werden die Daten f\u00fcr die Dauer der gesetzlich vorgeschriebenen Aufbewahrungspflicht gespeichert. Ein \u00f6ffentlicher Kommentar kann nur von Ihnen bzw. von Instagram gel\u00f6scht werden.<\/span><\/p>\n<p class=\"brz-tp-lg-paragraph brz-css-sMV2g\" data-generated-css=\"brz-css-ky4eA\" data-uniq-id=\"gAMCL\"><strong class=\"brz-cp-color7\">Zwecke der Verarbeitung&nbsp;<\/strong><\/p>\n<p class=\"brz-tp-lg-paragraph brz-css-ykzpn\" data-generated-css=\"brz-css-yBSUP\" data-uniq-id=\"rRPia\"><span class=\"brz-cp-color7\">Der Zweck der Verarbeitung personenbezogener Daten im Zusammenhang mit unserem Instagram-Auftritt ist zum einen die Erstellung von Statistiken \u00fcber Besucherstr\u00f6me. So k\u00f6nnen wir besser verstehen, wie Nutzer mit unserer Seite und den dargestellten Produkten und Leistungen interagieren. Es erm\u00f6glicht uns unsere Internetinhalte besser zu gestalten und unsere Produkte und Leistungen an die Bed\u00fcrfnisse der Nutzer anzupassen. Zum anderen verarbeiten wir personenbezogene Daten der Nutzer, um mit Ihnen direkt \u00fcber Medien Ihrer Wahl kommunizieren zu k\u00f6nnen.<\/span><\/p>\n<p class=\"brz-tp-lg-paragraph brz-css-fV1fQ\" data-generated-css=\"brz-css-oV83l\" data-uniq-id=\"hCA6e\"><strong class=\"brz-cp-color7\">Rechtsgrundlage der Datenverarbeitung<\/strong><\/p>\n<p class=\"brz-tp-lg-paragraph brz-css-eQNr7\" data-generated-css=\"brz-css-kbJuB\" data-uniq-id=\"hSMJm\"><span class=\"brz-cp-color7\">Wir betreiben diese Instagram-Seite, um uns den Nutzern von Instagram zu pr\u00e4sentieren und mit diesen unmittelbar zu kommunizieren. Die Verarbeitung Ihrer personenbezogenen Daten erfolgt auf der Grundlage unserer berechtigten Interessen an einer optimierten Unternehmens- und Produktdarstellung sowie an einer direkten Kommunikation mit Instagram-Nutzern (Art. 6 Abs. 1 lit. f DSGVO). Dies entspricht auch den vern\u00fcnftigen Erwartungen der betroffenen Personen, da die Kommunikation nicht von unserer, sondern von deren Seite angesto\u00dfen wird.<\/span><\/p>\n<p class=\"brz-tp-lg-paragraph brz-css-u4MWJ\" data-generated-css=\"brz-css-qL3XL\" data-uniq-id=\"v_rCa\"><span class=\"brz-cp-color7\">Sofern wir Bilder von Personen ver\u00f6ffentlichen, erfolgt dies via Einwilligung (Rechtsgrundlage: Art. 6 Abs. 1 lit. a DSGVO), auf Basis einer vertraglichen Vereinbarung (Rechtsgrundlage: Art. 6 Abs. 1 lit. b DSGVO) und in Ausnahmef\u00e4llen auf Basis von berechtigten Interessen (Rechtsgrundlage: Art. 6 Abs. 1 lit. f DSGVO in Verbindung mit \u00a7 23 Abs. 1 Nr. 3 Kunsturhebergesetz).<\/span><\/p>\n<p class=\"brz-tp-lg-paragraph brz-css-k_QbN\" data-generated-css=\"brz-css-a0MHf\" data-uniq-id=\"ajQrZ\"><strong class=\"brz-cp-color7\">Widerspruchs- und Beseitigungsm\u00f6glichkeiten<\/strong><\/p>\n<p class=\"brz-tp-lg-paragraph brz-css-huI8e\" data-generated-css=\"brz-css-nuPUJ\" data-uniq-id=\"kTqpG\"><span class=\"brz-cp-color7\">Sie haben jederzeit gem. Art. 21 DSGVO das Recht, aus Gr\u00fcnden, die sich aus ihrer besonderen Situation ergeben, Widerspruch gegen die Verarbeitung einzulegen. Sie k\u00f6nnen Ihr Widerspruchsrecht \u00fcber die Instagram\/Facebook-Einstellungen vornehmen. Sofern Sie gegen eine in unserem Verantwortungsbereich liegende Verarbeitung Widerspruch einlegen m\u00f6chten, k\u00f6nnen Sie sich hierf\u00fcr an uns wenden.<\/span><\/p>\n<p class=\"brz-tp-lg-paragraph brz-css-kWwXW\" data-generated-css=\"brz-css-z5xND\" data-uniq-id=\"dtmGy\"><strong class=\"brz-cp-color7\">Speicherdauer<\/strong><\/p>\n<p class=\"brz-tp-lg-paragraph brz-css-lF07H\" data-generated-css=\"brz-css-kHw0S\" data-uniq-id=\"jYiOm\"><span class=\"brz-cp-color7\">Nachdem uns als Betreiber einer Instagram-Seite wie oben beschrieben nur eingeschr\u00e4nkt personenbezogene Daten \u00fcbermittelt werden, gelten f\u00fcr die Speicherdauer die von Instagram festgelegten Kriterien, es sei denn es handelt sich um im Rahmen Ihrer Anfrage\/Kontaktaufnahme angefallene Daten. Diese werden von uns sechs Monate nach der letzten Nachricht gel\u00f6scht.<\/span><\/p>\n<p class=\"brz-tp-lg-paragraph brz-css-jkUAQ\" data-generated-css=\"brz-css-b6Gkd\" data-uniq-id=\"kf2Rr\"><span class=\"brz-cp-color7\">Informationsvideos auf unserer Webseite<\/span><\/p>\n<p class=\"brz-tp-lg-paragraph brz-css-q5xnF\" data-generated-css=\"brz-css-onhN2\" data-uniq-id=\"wEbau\"><span class=\"brz-cp-color7\">Wenn wir auf unseren Webseiten Videos integrieren, werden diese auf&nbsp;YouTube&nbsp;gespeichert. YouTube ist eine Plattform, die von YouTube LLC mit Sitz in 901 Cherry Ave., San Bruno, CA 94066 in den USA angeboten wird. YouTube ist ein mit Google verbundenes Unternehmen. Wir binden unsere Videos \u00fcber YouTube ein, weil ein lokales Hosting f\u00fcr die Darstellung der Videos nicht ausreichend leistungsf\u00e4hig ist.<\/span><\/p>\n<p class=\"brz-tp-lg-paragraph brz-css-cybEj\" data-generated-css=\"brz-css-jysUJ\" data-uniq-id=\"vAFpK\"><span class=\"brz-cp-color7\">Wenn Sie eines unserer Videos anklicken, wird eine Verbindung zu YouTube aufgebaut, um das Video f\u00fcr Sie auf unserer Seite einzubinden. Durch die Einbindung des Videos kommt es \u2013 technisch bedingt \u2013 zum Aufruf der YouTube- bzw. Google-Server. Die Server befinden sich in Irland, d.h. in der EU. Wir haben keinen Einfluss darauf, welche Daten nach dem Anklicken an YouTube \u00fcbermittelt werden. Daher verweisen wir f\u00fcr die damit verbundene Verwendung von Daten Ihres Browsers bzw. Endger\u00e4tes auf die Datenschutzhinweise von YouTube bzw. Google, die Sie&nbsp;hier&nbsp;finden.<\/span><\/p>\n<p class=\"brz-tp-lg-paragraph brz-css-gomgc\" data-generated-css=\"brz-css-zU4NM\" data-uniq-id=\"uKoKC\"><span class=\"brz-cp-color7\">Sie haben das Recht, der Verarbeitung Ihrer personenbezogenen Daten zu widersprechen, den Widerspruch m\u00fcssen Sie allerdings an YouTube und Google richten.<\/span><\/p>\n<p class=\"brz-tp-lg-paragraph brz-css-rx9rc\" data-generated-css=\"brz-css-xRbQQ\" data-uniq-id=\"bjFvC\"><span class=\"brz-cp-color7\">Wenn Sie unsere Webseite mit eingebundenem YouTube-Video besuchen, erh\u00e4lt YouTube Informationen \u00fcber die spezifische Website, die Sie gerade besuchen. Dabei werden Ihre personenbezogenen Daten wie soeben beschrieben an YouTube \u00fcbermittelt. Eine solche \u00dcbermittlung findet ungeachtet dessen statt, ob Sie sich in Ihr YouTube-Konto eingeloggt haben oder ob Sie gar kein entsprechendes Konto haben. Wenn Sie sich in Ihr YouTube-Konto eingeloggt haben, werden Ihre personenbezogenen Daten Ihrem YouTube-Profil zugeordnet. Wenn Sie nicht wollen, dass Ihre personenbezogenen Daten Ihrem Profil zugeordnet werden, sollten Sie sich aus Ihrem YouTube-Konto ausloggen, bevor Sie eines unserer Videos aktivieren. YouTube und Google verwenden diese Daten f\u00fcr Werbung, Marktforschung und \/ oder eine bedarfsbasierte Gestaltung ihrer Website.<\/span><\/p>\n<p class=\"brz-tp-lg-paragraph brz-css-r8Fgw\" data-generated-css=\"brz-css-v4cB2\" data-uniq-id=\"rGsa0\"><span class=\"brz-cp-color7\">Interessenten und Kommunikationspartner<\/span><\/p>\n<p class=\"brz-tp-lg-paragraph brz-css-fuQ5l\" data-generated-css=\"brz-css-ed5Wp\" data-uniq-id=\"rGyd9\"><span class=\"brz-cp-color7\">Wenn Sie mit uns in Kontakt treten, indem Sie uns anrufen, uns eine E-Mail, ein Fax oder einen Brief senden, verarbeiten wir Ihre Daten (Name, Mail-Adresse, Nachrichteninhalt) um Ihr Anliegen zu bearbeiten. Die Angabe von Daten ist erforderlich, um Ihre Anliegen bearbeiten zu k\u00f6nnen. Ohne die Angabe von Daten ist eine Kommunikation nicht m\u00f6glich.<\/span><\/p>\n<p class=\"brz-tp-lg-paragraph brz-css-ulXA3\" data-generated-css=\"brz-css-kDl61\" data-uniq-id=\"nG54w\"><strong class=\"brz-cp-color7\"><em>Zweck<\/em><\/strong><\/p>\n<p class=\"brz-tp-lg-paragraph brz-css-f4Ey2\" data-generated-css=\"brz-css-xttri\" data-uniq-id=\"xjkZX\"><span class=\"brz-cp-color7\">Wir verarbeiten Ihre Daten somit zum Zweck einer effizienten und effektiven Kommunikation. Eine \u00c4nderung dieses Zwecks ist nicht geplant.<\/span><\/p>\n<p class=\"brz-tp-lg-paragraph brz-css-cjwCy\" data-generated-css=\"brz-css-vcZ7e\" data-uniq-id=\"pXdA5\"><strong class=\"brz-cp-color7\"><em>Rechtsgrundlage<\/em><\/strong><\/p>\n<p class=\"brz-tp-lg-paragraph brz-css-oLGT4\" data-generated-css=\"brz-css-vKXxJ\" data-uniq-id=\"wPOmh\"><span class=\"brz-cp-color7\">Rechtsgrundlage f\u00fcr die Verarbeitung Ihrer Daten ist Art.&nbsp;6&nbsp;Abs.&nbsp;1&nbsp;lit.&nbsp;f)&nbsp;DSGVO. Unser berechtigtes Interesse liegt darin begr\u00fcndet, mit Interessenten sowie mit sonstigen Kommunikationspartnern effizient und effektiv kommunizieren zu k\u00f6nnen. Des Weiteren sind wir als Betreiber dieser Webseite gesetzlich verpflichtet, Ihnen eine effektive Kontaktm\u00f6glichkeit zur Verf\u00fcgung zu stellen. Daher bildet Art.&nbsp;6&nbsp;Abs.&nbsp;1&nbsp;lit.&nbsp;c)&nbsp;DSGVO in Verbindung mit \u00a7&nbsp;5&nbsp;Abs.&nbsp;1&nbsp;Nr.&nbsp;2&nbsp;TMG die Rechtsgrundlage f\u00fcr die Verarbeitung Ihrer Daten.<\/span><\/p>\n<p class=\"brz-tp-lg-paragraph brz-css-ekOQl\" data-generated-css=\"brz-css-hs2lT\" data-uniq-id=\"eFE7L\"><strong class=\"brz-cp-color7\"><em>L\u00f6schung<\/em><\/strong><\/p>\n<p class=\"brz-tp-lg-paragraph brz-css-kFeHf\" data-generated-css=\"brz-css-rVSQN\" data-uniq-id=\"qU_Lw\"><span class=\"brz-cp-color7\">Grunds\u00e4tzlich werden Ihre Daten gel\u00f6scht, sobald die Kommunikation abgeschlossen wurde bzw. der Zweck entfallen ist, es sei denn wir sind rechtlich, z.B. infolge handels- oder steuerrechtlicher Vorschriften verpflichtet die Kommunikationsdaten f\u00fcr einen l\u00e4ngeren Zeitraum aufzubewahren. In diesem Fall kann eine Aufbewahrung f\u00fcr etwas mehr als zehn Kalenderjahre erfolgen.<\/span><\/p>\n<p class=\"brz-tp-lg-paragraph brz-css-p2iiR\" data-generated-css=\"brz-css-hXid9\" data-uniq-id=\"rqSi9\"><span class=\"brz-cp-color7\">Unsere Dienstanbieter<\/span><\/p>\n<p class=\"brz-tp-lg-paragraph brz-css-bTaUD\" data-generated-css=\"brz-css-aRx62\" data-uniq-id=\"p98uf\"><span class=\"brz-cp-color7\">Wir setzen bei der Erbringung von Leistungen, insbesondere f\u00fcr die Bereitstellung, Wartung und Pflege von IT-Systemen Dienstleister ein. Unsere Dienstanbieter verarbeiten Ihre personenbezogenen Daten, sofern wir in diesen Datenschutzhinweisen nicht ausdr\u00fccklich etwas anderes beschrieben haben, in unserem Auftrag und nach unserer Weisung innerhalb der Europ\u00e4ischen Union (EU).<\/span><\/p>\n<p class=\"brz-tp-lg-paragraph brz-css-rXw3T\" data-generated-css=\"brz-css-cRDIg\" data-uniq-id=\"cKHEr\"><span class=\"brz-cp-color7\">Wir haben mit au\u00dfereurop\u00e4ischen Anbietern die EU-Standardvertragsklauseln geschlossen. Wir weisen darauf hin, dass sich damit diese Anbieter verpflichten, die Datenschutzstandards der EU einzuhalten, sodass ein datenschutzrechtlich angemessenes Schutzniveau f\u00fcr Ihre personenbezogenen Daten besteht.<\/span><\/p>\n<p class=\"brz-tp-lg-paragraph brz-css-csnML\" data-generated-css=\"brz-css-ve2WK\" data-uniq-id=\"aPWzs\"><span class=\"brz-cp-color7\">Copyright \u00a9 2025 johanneshartl.org | Powered by&nbsp;Astra-WordPress-Theme<\/span><\/p>\n<\/div>\n<\/div>\n<\/div>\n<\/div>\n<\/div>\n<\/section><\/div>\n<p><!-- version:1759827948 --><\/p>\n","protected":false},"excerpt":{"rendered":"<p>Datenschutz Willkommen auf der Sch\u00f6n Konferenz Seite, verantwortet durch die Dr. Johannes Hartl Ministries gGmbH. Wir freuen uns \u00fcber Ihr Interesse an unserem Angebot. Wir, die Dr. Johannes Hartl Ministries gGmbH (nachfolgend \u201eJohannes Hartl\u201c \u201ewir\u201c oder \u201euns\u201c) ber\u00fccksichtigen die datenschutzrechtlichen Anforderungen der Europ\u00e4ischen Datenschutzgrundverordnung (DSGVO) bei der Durchf\u00fchrung unserer Angebote und Aktionen, sowie bei der [&hellip;]<\/p>\n","protected":false},"author":2,"featured_media":0,"parent":0,"menu_order":0,"comment_status":"closed","ping_status":"closed","template":"brizy-blank-template.php","meta":{"footnotes":""},"class_list":["post-74","page","type-page","status-publish","hentry"],"brizy_media":[],"_links":{"self":[{"href":"https:\/\/schoenkonferenz.org\/index.php?rest_route=\/wp\/v2\/pages\/74","targetHints":{"allow":["GET"]}}],"collection":[{"href":"https:\/\/schoenkonferenz.org\/index.php?rest_route=\/wp\/v2\/pages"}],"about":[{"href":"https:\/\/schoenkonferenz.org\/index.php?rest_route=\/wp\/v2\/types\/page"}],"author":[{"embeddable":true,"href":"https:\/\/schoenkonferenz.org\/index.php?rest_route=\/wp\/v2\/users\/2"}],"replies":[{"embeddable":true,"href":"https:\/\/schoenkonferenz.org\/index.php?rest_route=%2Fwp%2Fv2%2Fcomments&post=74"}],"version-history":[{"count":5,"href":"https:\/\/schoenkonferenz.org\/index.php?rest_route=\/wp\/v2\/pages\/74\/revisions"}],"predecessor-version":[{"id":102,"href":"https:\/\/schoenkonferenz.org\/index.php?rest_route=\/wp\/v2\/pages\/74\/revisions\/102"}],"wp:attachment":[{"href":"https:\/\/schoenkonferenz.org\/index.php?rest_route=%2Fwp%2Fv2%2Fmedia&parent=74"}],"curies":[{"name":"wp","href":"https:\/\/api.w.org\/{rel}","templated":true}]}}